{"id":4114,"date":"2020-07-11T13:04:56","date_gmt":"2020-07-11T13:04:56","guid":{"rendered":"http:\/\/ulusotoyedekparca.com\/?post_type=product&#038;p=4114"},"modified":"2020-07-11T13:04:56","modified_gmt":"2020-07-11T13:04:56","slug":"renault-megane-iv-sol-far-lambasi","status":"publish","type":"product","link":"https:\/\/ulusotoyedekparca.com\/?product=renault-megane-iv-sol-far-lambasi","title":{"rendered":"RENAULT MEGANE IV SOL FAR LAMBASI"},"content":{"rendered":"<p>FAR LAMBASI NED\u0130R ?<\/p>\n<p>FAR ARACIN \u00c7OK \u00d6NEML\u0130 B\u0130R PAR\u00c7ASI OLMAKLA BERABER TEKN\u0130K G\u00d6REVLER\u0130N\u0130N DI\u015eINDA ARACIN TASARIMI KONUSUNDA B\u00dcY\u00dcK ROL \u00dcSTLENMEKTED\u0130R. ARACIN DI\u015e KISMINDA BULUNARAK KARANLIKTA G\u00d6R\u00dc\u015e MESAFES\u0130N\u0130 G\u00dcN I\u015eI\u011eINDA \u0130SE G\u00d6R\u00dcNEB\u0130LMEY\u0130 SA\u011eLAR. FARLAR \u0130\u00c7ER\u0130S\u0130NDE AYNI ZAMANDA UZUN FARLAR PARK LAMBALARI VE KISA HUZMEL\u0130 I\u015eIK DA BULUNMAKTADIR. ARA\u00c7 T\u0130P\u0130NE G\u00d6RE S\u0130NYAL I\u015eIKLARI DA Y\u0130NE FARLARA ENTEGRE \u015eEKL\u0130NDE TASARLANMI\u015eTIR.<\/p>\n<p>&nbsp;<\/p>\n<p>S\u0130Z DE\u011eERL\u0130 M\u00dc\u015eTER\u0130LER\u0130M\u0130ZE DAHA KAL\u0130TEL\u0130 H\u0130ZMET VEREB\u0130LMEM\u0130Z \u0130\u00c7\u0130N ARACINIZIN \u015eASE NUMARASINI B\u0130ZLERE \u0130LET\u0130N. ALMAK \u0130STED\u0130\u011e\u0130N\u0130Z \u00dcR\u00dcN\u00dcN ARACINIZLA UYUMLU OLUP OLMADI\u011eININ TEY\u0130D\u0130N\u0130 YAPALIM.<\/p>\n<p>NAK\u0130T -KRED\u0130 KARTI VE MA\u0130LORDER \u0130LE \u00d6DEME YAPAB\u0130L\u0130RS\u0130N\u0130Z.<br \/>\n(A\u00c7IK HESAP VE VERES\u0130YE H\u0130ZMET POL\u0130T\u0130KAMIZ DI\u015eINDADIR.)<\/p>\n<p>\u0130STED\u0130\u011e\u0130N\u0130Z \u00dcR\u00dcN VE MARKANIN DI\u015eINDA \u00dcR\u00dcN TESL\u0130M ED\u0130LMEZ.<\/p>\n<p>WHATSAPP+M\u00dc\u015eTER\u0130 DESTEK TELEFONUMUZ MESA\u0130 SAATLER\u0130 \u0130\u00c7\u0130NDE AKT\u0130FT\u0130R.<\/p>\n<p>HAFTA \u0130\u00c7\u0130 : 08:30 \u2013 19:00<\/p>\n<p>CUMARTES\u0130 : 08:30 \u2013 17:00<\/p>\n<p>WHATSAPP \u2013 M\u00dc\u015eTER\u0130 DESTEK NUMARAMIZ ; 0(538) 354 97 57<\/p>\n","protected":false},"excerpt":{"rendered":"<p>260102686R FAR LAMBASI SOL<\/p>\n<p>RENAULT MEGANE IV<\/p>\n<p>&nbsp;<\/p>\n","protected":false},"featured_media":4115,"template":"","meta":[],"product_cat":[255],"product_tag":[],"class_list":{"0":"post-4114","1":"product","2":"type-product","3":"status-publish","4":"has-post-thumbnail","6":"product_cat-aksesuarlar","8":"first","9":"instock","10":"shipping-taxable","11":"purchasable","12":"product-type-simple"},"_links":{"self":[{"href":"https:\/\/ulusotoyedekparca.com\/index.php?rest_route=\/wp\/v2\/product\/4114","targetHints":{"allow":["GET"]}}],"collection":[{"href":"https:\/\/ulusotoyedekparca.com\/index.php?rest_route=\/wp\/v2\/product"}],"about":[{"href":"https:\/\/ulusotoyedekparca.com\/index.php?rest_route=\/wp\/v2\/types\/product"}],"version-history":[{"count":0,"href":"https:\/\/ulusotoyedekparca.com\/index.php?rest_route=\/wp\/v2\/product\/4114\/revisions"}],"wp:featuredmedia":[{"embeddable":true,"href":"https:\/\/ulusotoyedekparca.com\/index.php?rest_route=\/wp\/v2\/media\/4115"}],"wp:attachment":[{"href":"https:\/\/ulusotoyedekparca.com\/index.php?rest_route=%2Fwp%2Fv2%2Fmedia&parent=4114"}],"wp:term":[{"taxonomy":"product_cat","embeddable":true,"href":"https:\/\/ulusotoyedekparca.com\/index.php?rest_route=%2Fwp%2Fv2%2Fproduct_cat&post=4114"},{"taxonomy":"product_tag","embeddable":true,"href":"https:\/\/ulusotoyedekparca.com\/index.php?rest_route=%2Fwp%2Fv2%2Fproduct_tag&post=4114"}],"curies":[{"name":"wp","href":"https:\/\/api.w.org\/{rel}","templated":true}]}}