{"id":3930,"date":"2020-07-01T13:33:01","date_gmt":"2020-07-01T13:33:01","guid":{"rendered":"http:\/\/ulusotoyedekparca.com\/?post_type=product&#038;p=3930"},"modified":"2020-07-01T13:33:01","modified_gmt":"2020-07-01T13:33:01","slug":"arka-sis-lambasi","status":"publish","type":"product","link":"https:\/\/ulusotoyedekparca.com\/?product=arka-sis-lambasi","title":{"rendered":"ARKA S\u0130S LAMBASI"},"content":{"rendered":"<p>S\u0130S LAMBASI NED\u0130R ?<\/p>\n<p><strong>Ara\u00e7larda sisli havalarda g\u00f6r\u00fc\u015f uzakl\u0131\u011f\u0131n\u0131 sa\u011flayarak g\u00f6r\u00fcnt\u00fcy\u00fc daha net hale getiren fara \u201csis far\u0131\u201d denir. \u00c7o\u011funlukla tamponun alt k\u0131sm\u0131nda bulunur. Sis farlar\u0131n\u0131n genel olarak 55 watt ayd\u0131nlatma g\u00fcc\u00fc bulunmaktad\u0131r. Sis far\u0131 k\u00f6t\u00fc hava ko\u015fullar\u0131nda g\u00fcvenli bir s\u00fcr\u00fc\u015f i\u00e7in olduk\u00e7a \u00f6nemlidir.<\/strong><\/p>\n<p>S\u0130Z DE\u011eERL\u0130 M\u00dc\u015eTER\u0130LER\u0130M\u0130ZE DAHA KAL\u0130TEL\u0130 H\u0130ZMET VEREB\u0130LMEM\u0130Z \u0130\u00c7\u0130N ARACINIZIN \u015eASE NUMARASINI B\u0130ZLERE \u0130LET\u0130N. ALMAK \u0130STED\u0130\u011e\u0130N\u0130Z \u00dcR\u00dcN\u00dcN ARACINIZLA UYUMLU OLUP OLMADI\u011eININ TEY\u0130D\u0130N\u0130 YAPALIM.<\/p>\n<p>NAK\u0130T -KRED\u0130 KARTI VE MA\u0130LORDER \u0130LE \u00d6DEME YAPAB\u0130L\u0130RS\u0130N\u0130Z.<br \/>\n(A\u00c7IK HESAP VE VERES\u0130YE H\u0130ZMET POL\u0130T\u0130KAMIZ DI\u015eINDADIR.)<\/p>\n<p>\u0130STED\u0130\u011e\u0130N\u0130Z \u00dcR\u00dcN VE MARKANIN DI\u015eINDA \u00dcR\u00dcN TESL\u0130M ED\u0130LMEZ.<\/p>\n<p>WHATSAPP+M\u00dc\u015eTER\u0130 DESTEK TELEFONUMUZ MESA\u0130 SAATLER\u0130 \u0130\u00c7\u0130NDE AKT\u0130FT\u0130R.<\/p>\n<p>HAFTA \u0130\u00c7\u0130 : 08:30 \u2013 19:00<\/p>\n<p>CUMARTES\u0130 : 08:30 \u2013 17:00<\/p>\n<p>WHATSAPP \u2013 M\u00dc\u015eTER\u0130 DESTEK NUMARAMIZ ; 0(538) 354 97 57<\/p>\n","protected":false},"excerpt":{"rendered":"<p>ARKA S\u0130S LAMBASI SOL<\/p>\n<p>\u00dcR\u00dcN \u0130TAL \u00dcR\u00dcND\u00dcR.<\/p>\n<p>RENAULT MEGANE III<\/p>\n","protected":false},"featured_media":3931,"template":"","meta":[],"product_cat":[255],"product_tag":[],"class_list":{"0":"post-3930","1":"product","2":"type-product","3":"status-publish","4":"has-post-thumbnail","6":"product_cat-aksesuarlar","8":"first","9":"instock","10":"shipping-taxable","11":"purchasable","12":"product-type-simple"},"_links":{"self":[{"href":"https:\/\/ulusotoyedekparca.com\/index.php?rest_route=\/wp\/v2\/product\/3930","targetHints":{"allow":["GET"]}}],"collection":[{"href":"https:\/\/ulusotoyedekparca.com\/index.php?rest_route=\/wp\/v2\/product"}],"about":[{"href":"https:\/\/ulusotoyedekparca.com\/index.php?rest_route=\/wp\/v2\/types\/product"}],"version-history":[{"count":1,"href":"https:\/\/ulusotoyedekparca.com\/index.php?rest_route=\/wp\/v2\/product\/3930\/revisions"}],"predecessor-version":[{"id":3933,"href":"https:\/\/ulusotoyedekparca.com\/index.php?rest_route=\/wp\/v2\/product\/3930\/revisions\/3933"}],"wp:featuredmedia":[{"embeddable":true,"href":"https:\/\/ulusotoyedekparca.com\/index.php?rest_route=\/wp\/v2\/media\/3931"}],"wp:attachment":[{"href":"https:\/\/ulusotoyedekparca.com\/index.php?rest_route=%2Fwp%2Fv2%2Fmedia&parent=3930"}],"wp:term":[{"taxonomy":"product_cat","embeddable":true,"href":"https:\/\/ulusotoyedekparca.com\/index.php?rest_route=%2Fwp%2Fv2%2Fproduct_cat&post=3930"},{"taxonomy":"product_tag","embeddable":true,"href":"https:\/\/ulusotoyedekparca.com\/index.php?rest_route=%2Fwp%2Fv2%2Fproduct_tag&post=3930"}],"curies":[{"name":"wp","href":"https:\/\/api.w.org\/{rel}","templated":true}]}}